{"id":14,"date":"2025-02-12T11:08:48","date_gmt":"2025-02-12T11:08:48","guid":{"rendered":"https:\/\/juliopereira.pt\/?page_id=14"},"modified":"2025-11-24T12:39:47","modified_gmt":"2025-11-24T12:39:47","slug":"bio","status":"publish","type":"page","link":"https:\/\/juliopereira.pt\/?page_id=14","title":{"rendered":"Bio"},"content":{"rendered":"\n<p class=\"has-medium-font-size\">Com sete anos de idade aprende a tocar bandolim com o seu pai. Durante a adolesc\u00eancia faz parte de v\u00e1rias bandas de rock entre as quais&nbsp;<strong>Xarhanga<\/strong>&nbsp;(Singles: <strong>Acid Nightmare<\/strong> e <strong>Great Goat<\/strong>) e&nbsp;<strong>Petrus Castrus<\/strong>&nbsp;(Single <strong>Marasmo<\/strong> e LP <strong>Mestre<\/strong>). A partir dos seus vinte anos&nbsp;(ano da revolu\u00e7\u00e3o de Abril de 74) e at\u00e9 aos trinta colabora em concertos e in\u00fameros discos com os mais importantes cantautores de Portugal destacando-se a sua colabora\u00e7\u00e3o com&nbsp;<strong>Jos\u00e9 Afonso<\/strong>&nbsp;(a partir de 79) com o qual colabora regularmente tocando em v\u00e1rios s\u00edtios do Mundo e co-produzindo os seus dois \u00faltimos discos.<br>Ainda nesta d\u00e9cada trabalha como m\u00fasico em alguns grupos de Teatro com encenadores como:&nbsp;<strong>Augusto Boal<\/strong>,&nbsp;<strong>\u00c1gueda Sena<\/strong>&nbsp;e&nbsp;<strong>Jo\u00e3o Perry<\/strong>&nbsp;. Grava os seus primeiros \u00e1lbuns de autor:&nbsp;<strong>Bota-Fora<\/strong>,&nbsp;<strong>Fernandinho vai \u00f3 vinho<\/strong>,&nbsp;<strong>Lisbo\u00e9mia<\/strong>&nbsp;e&nbsp;<strong>M\u00e3os de Fada<\/strong>. Em 1981 lan\u00e7a <strong>Cavaquinho<\/strong>&nbsp;&#8211; o seu primeiro disco instrumental \u2013 ganhando v\u00e1rios pr\u00e9mios entre os quais o da <strong>Imprensa<\/strong> e da <strong>Cr\u00edtica<\/strong>, iniciando assim o seu percurso como instrumentista.<\/p>\n\n\n\n<figure class=\"wp-block-gallery has-nested-images columns-default is-cropped wp-block-gallery-1 is-layout-flex wp-block-gallery-is-layout-flex\">\n<figure class=\"wp-block-image size-full\"><img loading=\"lazy\" decoding=\"async\" width=\"953\" height=\"602\" data-id=\"470\" src=\"https:\/\/juliopereira.pt\/wp-content\/uploads\/2025\/02\/Julio-Pereira-Jose-Afonso-2.jpg\" alt=\"\" class=\"wp-image-470\" srcset=\"https:\/\/juliopereira.pt\/wp-content\/uploads\/2025\/02\/Julio-Pereira-Jose-Afonso-2.jpg 953w, https:\/\/juliopereira.pt\/wp-content\/uploads\/2025\/02\/Julio-Pereira-Jose-Afonso-2-300x190.jpg 300w, https:\/\/juliopereira.pt\/wp-content\/uploads\/2025\/02\/Julio-Pereira-Jose-Afonso-2-768x485.jpg 768w\" sizes=\"auto, (max-width: 953px) 100vw, 953px\" \/><\/figure>\n\n\n\n<figure class=\"wp-block-image size-full\"><img loading=\"lazy\" decoding=\"async\" width=\"953\" height=\"602\" data-id=\"649\" src=\"https:\/\/juliopereira.pt\/wp-content\/uploads\/2025\/02\/Julio-Pereira-Kepa-Junkera.jpg\" alt=\"\" class=\"wp-image-649\" srcset=\"https:\/\/juliopereira.pt\/wp-content\/uploads\/2025\/02\/Julio-Pereira-Kepa-Junkera.jpg 953w, https:\/\/juliopereira.pt\/wp-content\/uploads\/2025\/02\/Julio-Pereira-Kepa-Junkera-300x190.jpg 300w, https:\/\/juliopereira.pt\/wp-content\/uploads\/2025\/02\/Julio-Pereira-Kepa-Junkera-768x485.jpg 768w\" sizes=\"auto, (max-width: 953px) 100vw, 953px\" \/><\/figure>\n\n\n\n<figure class=\"wp-block-image size-full\"><img loading=\"lazy\" decoding=\"async\" width=\"953\" height=\"602\" data-id=\"574\" src=\"https:\/\/juliopereira.pt\/wp-content\/uploads\/2025\/02\/Julio-Pereira-Pete-Seeger-L.jpg\" alt=\"\" class=\"wp-image-574\" srcset=\"https:\/\/juliopereira.pt\/wp-content\/uploads\/2025\/02\/Julio-Pereira-Pete-Seeger-L.jpg 953w, https:\/\/juliopereira.pt\/wp-content\/uploads\/2025\/02\/Julio-Pereira-Pete-Seeger-L-300x190.jpg 300w, https:\/\/juliopereira.pt\/wp-content\/uploads\/2025\/02\/Julio-Pereira-Pete-Seeger-L-768x485.jpg 768w\" sizes=\"auto, (max-width: 953px) 100vw, 953px\" \/><\/figure>\n<\/figure>\n\n\n\n<p class=\"has-medium-font-size\">Ainda com o Bandolim, em 2008 grava o CD&nbsp;<strong>Geografias&nbsp;<\/strong>e cria um concerto com o mesmo nome. Actua em Portugal e v\u00e1rios s\u00edtios do Mundo.<br>Em 2010 lan\u00e7a&nbsp;<strong>Graffiti<\/strong>&nbsp;um \u00e1lbum de can\u00e7\u00f5es que conta com a participa\u00e7\u00e3o de dez cantoras, entre as quais:&nbsp;<strong>Dulce Pontes<\/strong>,&nbsp;<strong>Maria Jo\u00e3o<\/strong>,&nbsp;<strong>Sara Tavares<\/strong>,&nbsp;<strong>Olga Cerpa<\/strong>&nbsp;(Espanha),&nbsp;<strong>Nancy Vieira<\/strong>&nbsp;(Cabo-verde) e&nbsp;<strong>Luanda Cozetti<\/strong>&nbsp;(Brasil).<br>Al\u00e9m dos seus pr\u00f3prios concertos, participa na tourn\u00e9e nacional dos <strong>Timbila Muzimba <\/strong>(Mo\u00e7ambique) e destaca aquele que dirige no&nbsp;Th\u00e9\u00e2tre de la Ville&nbsp;em Paris (2012) <strong>homenagem a Jos\u00e9 Afonso<\/strong>&nbsp;com <strong>Ant\u00f3nio Zambujo<\/strong>, <strong>Mayra Andrade<\/strong>, <strong>Jo\u00e3o Afonso<\/strong>, etc<\/p>\n\n\n\n<figure class=\"wp-block-gallery has-nested-images columns-default is-cropped wp-block-gallery-2 is-layout-flex wp-block-gallery-is-layout-flex\">\n<figure class=\"wp-block-image size-full\"><img loading=\"lazy\" decoding=\"async\" width=\"953\" height=\"602\" data-id=\"156\" src=\"https:\/\/juliopereira.pt\/wp-content\/uploads\/2025\/02\/Julio-Pereira-Dulce-Pontes.jpg\" alt=\"\" class=\"wp-image-156\" srcset=\"https:\/\/juliopereira.pt\/wp-content\/uploads\/2025\/02\/Julio-Pereira-Dulce-Pontes.jpg 953w, https:\/\/juliopereira.pt\/wp-content\/uploads\/2025\/02\/Julio-Pereira-Dulce-Pontes-300x190.jpg 300w, https:\/\/juliopereira.pt\/wp-content\/uploads\/2025\/02\/Julio-Pereira-Dulce-Pontes-768x485.jpg 768w\" sizes=\"auto, (max-width: 953px) 100vw, 953px\" \/><\/figure>\n\n\n\n<figure class=\"wp-block-image size-full\"><img loading=\"lazy\" decoding=\"async\" width=\"953\" height=\"602\" data-id=\"476\" src=\"https:\/\/juliopereira.pt\/wp-content\/uploads\/2025\/02\/Julio-Pereira-Noidz-3.jpg\" alt=\"\" class=\"wp-image-476\" srcset=\"https:\/\/juliopereira.pt\/wp-content\/uploads\/2025\/02\/Julio-Pereira-Noidz-3.jpg 953w, https:\/\/juliopereira.pt\/wp-content\/uploads\/2025\/02\/Julio-Pereira-Noidz-3-300x190.jpg 300w, https:\/\/juliopereira.pt\/wp-content\/uploads\/2025\/02\/Julio-Pereira-Noidz-3-768x485.jpg 768w\" sizes=\"auto, (max-width: 953px) 100vw, 953px\" \/><\/figure>\n\n\n\n<figure class=\"wp-block-image size-full\"><img loading=\"lazy\" decoding=\"async\" width=\"953\" height=\"602\" data-id=\"158\" src=\"https:\/\/juliopereira.pt\/wp-content\/uploads\/2025\/02\/Julio-Pereira-Timbila-Muzmba.jpg\" alt=\"\" class=\"wp-image-158\" srcset=\"https:\/\/juliopereira.pt\/wp-content\/uploads\/2025\/02\/Julio-Pereira-Timbila-Muzmba.jpg 953w, https:\/\/juliopereira.pt\/wp-content\/uploads\/2025\/02\/Julio-Pereira-Timbila-Muzmba-300x190.jpg 300w, https:\/\/juliopereira.pt\/wp-content\/uploads\/2025\/02\/Julio-Pereira-Timbila-Muzmba-768x485.jpg 768w\" sizes=\"auto, (max-width: 953px) 100vw, 953px\" \/><\/figure>\n<\/figure>\n\n\n\n<p class=\"has-medium-font-size\">Em 2013 retoma o Cavaquinho e grava o CD\/Livro&nbsp;<strong>Cavaquinho.pt<\/strong>. como ponto de partida para uma nova etapa dedicada a este instrumento. Actualmente \u00e9 Presidente da Associa\u00e7\u00e3o Museu Cavaquinho que visa documentar, preservar e promover a hist\u00f3ria e a pr\u00e1tica deste instrumento. <br>Em 2015 recebe a medalha de honra da SPA &#8211; Sociedade Portuguesa de Autores e \u00e9 condecorado com o grau de Grande-Oficial da Ordem do Infante D. Henrique.<br>Em 2017 publica o \u00e1lbum (LP + CD\/livro)&nbsp;<strong>Pra\u00e7a do Com\u00e9rcio<\/strong>&nbsp;com o qual recebe o <strong>pr\u00e9mio Pedro Os\u00f3rio<\/strong> da Sociedade Portuguesa de Autores e em 2018 recebe o <strong>pr\u00e9mio Jos\u00e9 Afonso<\/strong> pela C\u00e2mara Municipal da Amadora. Tamb\u00e9m neste ano participa na <strong>Womex<\/strong> (Las Palmas). Enquanto faz concertos pelo pa\u00eds, dirige em 2019, o espect\u00e1culo \u201c\u00c0 sombra n\u00e3o me quito\u201d com m\u00fasica de Jos\u00e9 Afonso no Teatro Viriato com <strong>Ant\u00f3nio Zambujo<\/strong>, <strong>Caman\u00e9<\/strong>, <strong>Carl\u00e3o<\/strong>, <strong>Sara Tavares<\/strong>, <strong>Teresa Coutinho<\/strong> e <strong>Teresa Salgueiro. <\/strong><\/p>\n\n\n\n<figure class=\"wp-block-gallery has-nested-images columns-default is-cropped wp-block-gallery-3 is-layout-flex wp-block-gallery-is-layout-flex\">\n<figure class=\"wp-block-image size-full\"><img loading=\"lazy\" decoding=\"async\" width=\"953\" height=\"602\" data-id=\"163\" src=\"https:\/\/juliopereira.pt\/wp-content\/uploads\/2025\/02\/Julio-Pereira-Sara-Tavares.jpg\" alt=\"\" class=\"wp-image-163\" srcset=\"https:\/\/juliopereira.pt\/wp-content\/uploads\/2025\/02\/Julio-Pereira-Sara-Tavares.jpg 953w, https:\/\/juliopereira.pt\/wp-content\/uploads\/2025\/02\/Julio-Pereira-Sara-Tavares-300x190.jpg 300w, https:\/\/juliopereira.pt\/wp-content\/uploads\/2025\/02\/Julio-Pereira-Sara-Tavares-768x485.jpg 768w\" sizes=\"auto, (max-width: 953px) 100vw, 953px\" \/><\/figure>\n\n\n\n<figure class=\"wp-block-image size-full\"><img loading=\"lazy\" decoding=\"async\" width=\"953\" height=\"602\" data-id=\"468\" src=\"https:\/\/juliopereira.pt\/wp-content\/uploads\/2025\/02\/Julio-Pereira-Sema-Wamusse-2.jpg\" alt=\"\" class=\"wp-image-468\" srcset=\"https:\/\/juliopereira.pt\/wp-content\/uploads\/2025\/02\/Julio-Pereira-Sema-Wamusse-2.jpg 953w, https:\/\/juliopereira.pt\/wp-content\/uploads\/2025\/02\/Julio-Pereira-Sema-Wamusse-2-300x190.jpg 300w, https:\/\/juliopereira.pt\/wp-content\/uploads\/2025\/02\/Julio-Pereira-Sema-Wamusse-2-768x485.jpg 768w\" sizes=\"auto, (max-width: 953px) 100vw, 953px\" \/><\/figure>\n\n\n\n<figure class=\"wp-block-image size-full\"><img loading=\"lazy\" decoding=\"async\" width=\"953\" height=\"602\" data-id=\"462\" src=\"https:\/\/juliopereira.pt\/wp-content\/uploads\/2025\/02\/Julio-Pereira-James-Hill-1.jpg\" alt=\"\" class=\"wp-image-462\" srcset=\"https:\/\/juliopereira.pt\/wp-content\/uploads\/2025\/02\/Julio-Pereira-James-Hill-1.jpg 953w, https:\/\/juliopereira.pt\/wp-content\/uploads\/2025\/02\/Julio-Pereira-James-Hill-1-300x190.jpg 300w, https:\/\/juliopereira.pt\/wp-content\/uploads\/2025\/02\/Julio-Pereira-James-Hill-1-768x485.jpg 768w\" sizes=\"auto, (max-width: 953px) 100vw, 953px\" \/><\/figure>\n<\/figure>\n\n\n\n<p class=\"has-medium-font-size\">Em 2023 recebe o Pr\u00e9mio de M\u00e9rito Cultural pela <strong>Funda\u00e7\u00e3o Inatel<\/strong> e em 2024 publica o livro\/disco <strong>Rasgar<\/strong> com o qual recebe em 2025 a distin\u00e7\u00e3o de melhor disco instrumental dos Pr\u00e9mios PLAY &#8211; Pr\u00e9mios da M\u00fasica Portuguesa | Trad 2025.<\/p>\n\n\n\n<hr class=\"wp-block-separator has-alpha-channel-opacity\"\/>\n\n\n\n<h2 class=\"wp-block-heading\">Bio<\/h2>\n\n\n\n<p class=\"has-medium-font-size\">With 7 years old learn to play mandolim with his father. During the teenage years take part on several rock bands and records four albuns. From his 20&#8217;s (on the year of the April 74&#8217;s revolution) till his 30&#8217;s, collaborates &#8211; in concert and records &#8211; with the most important composers of Portugal, highlighting his collaboration with <strong>Jos\u00e9 Afonso<\/strong> &#8211; since 1979 &#8211; with whom he collaborates regularly playng in several countries of the world and co-producing his last records.<\/p>\n\n\n\n<p class=\"has-medium-font-size\">Performes in several concerts around the world, produces, orchestrates and participates as multi-instrumentist in multiple albuns of other authors and collaborates, at the same time with several names of music, such as: <strong>Pete Seeger<\/strong>, <strong>Kepa Junkera<\/strong>, <strong>Dulce Pontes<\/strong>, <strong>Mestisay<\/strong> and <strong>The Chieftains<\/strong> <strong>&#8211; Grammy Award ,1995.<\/strong> In 2006 collaborates on the film Fados, from <strong>Carlos Saura<\/strong>, with <strong>Chico Buarque<\/strong> and <strong>Carlos do Carmo<\/strong>.<\/p>\n\n\n\n<p class=\"has-medium-font-size\">In 2013, he returned to the cavaquinho and recorded the album &#8220;<strong>Cavaquinho.pt<\/strong>&#8221; as the start of a new phase focused on this instrument. For this, he established the Cultural Association <strong>Museu Cavaquinho<\/strong>, which aims to document, preserve, and promote the history and practice of this instrument.<br>In 2015, he received the &#8220;Pedro Os\u00f3rio&#8221; award from SPA (Portuguese Society of Authors) and was decorated with the rank of Grande-Oficial (Grand-Officer) of the Order of Infante D. Henrique. In 2017, he recorded &#8220;<strong>Pra\u00e7a do Com\u00e9rcio<\/strong>&#8221; and received the Pedro Os\u00f3rio award from SPA (Portuguese Society of Authors) and the Jos\u00e9 Afonso award.<\/p>\n\n\n\n<p class=\"has-medium-font-size\">In 2024, he received the Cultural Merit Award from the Inatel Foundation and published the book\/album <strong>Rasgar<\/strong>.<\/p>\n\n\n\n<p class=\"has-medium-font-size\">Photos Press Download<\/p>\n\n\n\n<p><\/p>\n\n\n\n<p><\/p>\n\n\n\n<div class=\"wp-block-group is-layout-grid wp-container-core-group-is-layout-9e89cefc wp-block-group-is-layout-grid\">\n<figure class=\"wp-block-image size-large wp-container-content-50579a18\"><a href=\"https:\/\/juliopereira.pt\/wp-content\/uploads\/2025\/02\/JP5-Foto-de-Raquel-Von-Kaminaru-1.jpg\" target=\"_blank\" rel=\" noreferrer noopener\"><img loading=\"lazy\" decoding=\"async\" width=\"1024\" height=\"1024\" src=\"https:\/\/juliopereira.pt\/wp-content\/uploads\/2025\/02\/JP5-Foto-de-Raquel-Von-Kaminaru-1-1024x1024.jpg\" alt=\"\" class=\"wp-image-386\" srcset=\"https:\/\/juliopereira.pt\/wp-content\/uploads\/2025\/02\/JP5-Foto-de-Raquel-Von-Kaminaru-1-1024x1024.jpg 1024w, https:\/\/juliopereira.pt\/wp-content\/uploads\/2025\/02\/JP5-Foto-de-Raquel-Von-Kaminaru-1-300x300.jpg 300w, https:\/\/juliopereira.pt\/wp-content\/uploads\/2025\/02\/JP5-Foto-de-Raquel-Von-Kaminaru-1-150x150.jpg 150w, https:\/\/juliopereira.pt\/wp-content\/uploads\/2025\/02\/JP5-Foto-de-Raquel-Von-Kaminaru-1-768x768.jpg 768w, https:\/\/juliopereira.pt\/wp-content\/uploads\/2025\/02\/JP5-Foto-de-Raquel-Von-Kaminaru-1.jpg 1186w\" sizes=\"auto, (max-width: 1024px) 100vw, 1024px\" \/><\/a><\/figure>\n\n\n\n<figure class=\"wp-block-image size-large wp-container-content-50579a18\"><a href=\"https:\/\/juliopereira.pt\/wp-content\/uploads\/2025\/02\/Julio-Pereira-CAVAQUINHO-PT-scaled.jpg\" target=\"_blank\" rel=\" noreferrer noopener\"><img loading=\"lazy\" decoding=\"async\" width=\"1024\" height=\"731\" src=\"https:\/\/juliopereira.pt\/wp-content\/uploads\/2025\/02\/Julio-Pereira-CAVAQUINHO-PT-1024x731.jpg\" alt=\"\" class=\"wp-image-387\" srcset=\"https:\/\/juliopereira.pt\/wp-content\/uploads\/2025\/02\/Julio-Pereira-CAVAQUINHO-PT-1024x731.jpg 1024w, https:\/\/juliopereira.pt\/wp-content\/uploads\/2025\/02\/Julio-Pereira-CAVAQUINHO-PT-300x214.jpg 300w, https:\/\/juliopereira.pt\/wp-content\/uploads\/2025\/02\/Julio-Pereira-CAVAQUINHO-PT-768x549.jpg 768w, https:\/\/juliopereira.pt\/wp-content\/uploads\/2025\/02\/Julio-Pereira-CAVAQUINHO-PT-1536x1097.jpg 1536w, https:\/\/juliopereira.pt\/wp-content\/uploads\/2025\/02\/Julio-Pereira-CAVAQUINHO-PT-2048x1463.jpg 2048w\" sizes=\"auto, (max-width: 1024px) 100vw, 1024px\" \/><\/a><\/figure>\n\n\n\n<figure class=\"wp-block-image size-large\"><a href=\"https:\/\/juliopereira.pt\/wp-content\/uploads\/2025\/02\/Julio-Pereira-Rasgar-1.jpg\" target=\"_blank\" rel=\" noreferrer noopener\"><img loading=\"lazy\" decoding=\"async\" width=\"1024\" height=\"890\" src=\"https:\/\/juliopereira.pt\/wp-content\/uploads\/2025\/02\/Julio-Pereira-Rasgar-1-1024x890.jpg\" alt=\"\" class=\"wp-image-388\" srcset=\"https:\/\/juliopereira.pt\/wp-content\/uploads\/2025\/02\/Julio-Pereira-Rasgar-1-1024x890.jpg 1024w, https:\/\/juliopereira.pt\/wp-content\/uploads\/2025\/02\/Julio-Pereira-Rasgar-1-300x261.jpg 300w, https:\/\/juliopereira.pt\/wp-content\/uploads\/2025\/02\/Julio-Pereira-Rasgar-1-768x668.jpg 768w, https:\/\/juliopereira.pt\/wp-content\/uploads\/2025\/02\/Julio-Pereira-Rasgar-1.jpg 1349w\" sizes=\"auto, (max-width: 1024px) 100vw, 1024px\" \/><\/a><\/figure>\n\n\n\n<figure class=\"wp-block-image size-large\"><a href=\"https:\/\/juliopereira.pt\/wp-content\/uploads\/2025\/02\/JP-Foto-de-Raquel-Von-Kaminaru-scaled.jpg\" target=\"_blank\" rel=\" noreferrer noopener\"><img loading=\"lazy\" decoding=\"async\" width=\"1024\" height=\"900\" src=\"https:\/\/juliopereira.pt\/wp-content\/uploads\/2025\/02\/JP-Foto-de-Raquel-Von-Kaminaru-1024x900.jpg\" alt=\"\" class=\"wp-image-389\" srcset=\"https:\/\/juliopereira.pt\/wp-content\/uploads\/2025\/02\/JP-Foto-de-Raquel-Von-Kaminaru-1024x900.jpg 1024w, https:\/\/juliopereira.pt\/wp-content\/uploads\/2025\/02\/JP-Foto-de-Raquel-Von-Kaminaru-300x264.jpg 300w, https:\/\/juliopereira.pt\/wp-content\/uploads\/2025\/02\/JP-Foto-de-Raquel-Von-Kaminaru-768x675.jpg 768w, https:\/\/juliopereira.pt\/wp-content\/uploads\/2025\/02\/JP-Foto-de-Raquel-Von-Kaminaru-1536x1351.jpg 1536w, https:\/\/juliopereira.pt\/wp-content\/uploads\/2025\/02\/JP-Foto-de-Raquel-Von-Kaminaru-2048x1801.jpg 2048w\" sizes=\"auto, (max-width: 1024px) 100vw, 1024px\" \/><\/a><\/figure>\n<\/div>\n","protected":false},"excerpt":{"rendered":"<p>Com sete anos de idade aprende a tocar bandolim com o seu pai. Durante a adolesc\u00eancia faz parte de v\u00e1rias [&hellip;]<\/p>\n","protected":false},"author":1,"featured_media":0,"parent":0,"menu_order":0,"comment_status":"closed","ping_status":"closed","template":"","meta":{"site-sidebar-layout":"default","site-content-layout":"","ast-site-content-layout":"","site-content-style":"default","site-sidebar-style":"default","ast-global-header-display":"","ast-banner-title-visibility":"","ast-main-header-display":"","ast-hfb-above-header-display":"","ast-hfb-below-header-display":"","ast-hfb-mobile-header-display":"","site-post-title":"","ast-breadcrumbs-content":"","ast-featured-img":"","footer-sml-layout":"","theme-transparent-header-meta":"","adv-header-id-meta":"","stick-header-meta":"","header-above-stick-meta":"","header-main-stick-meta":"","header-below-stick-meta":"","astra-migrate-meta-layouts":"default","ast-page-background-enabled":"default","ast-page-background-meta":{"desktop":{"background-color":"var(--ast-global-color-5)","background-image":"","background-repeat":"repeat","background-position":"center center","background-size":"auto","background-attachment":"scroll","background-type":"","background-media":"","overlay-type":"","overlay-color":"","overlay-opacity":"","overlay-gradient":""},"tablet":{"background-color":"","background-image":"","background-repeat":"repeat","background-position":"center center","background-size":"auto","background-attachment":"scroll","background-type":"","background-media":"","overlay-type":"","overlay-color":"","overlay-opacity":"","overlay-gradient":""},"mobile":{"background-color":"","background-image":"","background-repeat":"repeat","background-position":"center center","background-size":"auto","background-attachment":"scroll","background-type":"","background-media":"","overlay-type":"","overlay-color":"","overlay-opacity":"","overlay-gradient":""}},"ast-content-background-meta":{"desktop":{"background-color":"var(--ast-global-color-4)","background-image":"","background-repeat":"repeat","background-position":"center center","background-size":"auto","background-attachment":"scroll","background-type":"","background-media":"","overlay-type":"","overlay-color":"","overlay-opacity":"","overlay-gradient":""},"tablet":{"background-color":"var(--ast-global-color-4)","background-image":"","background-repeat":"repeat","background-position":"center center","background-size":"auto","background-attachment":"scroll","background-type":"","background-media":"","overlay-type":"","overlay-color":"","overlay-opacity":"","overlay-gradient":""},"mobile":{"background-color":"var(--ast-global-color-4)","background-image":"","background-repeat":"repeat","background-position":"center center","background-size":"auto","background-attachment":"scroll","background-type":"","background-media":"","overlay-type":"","overlay-color":"","overlay-opacity":"","overlay-gradient":""}},"footnotes":""},"class_list":["post-14","page","type-page","status-publish","hentry"],"_links":{"self":[{"href":"https:\/\/juliopereira.pt\/index.php?rest_route=\/wp\/v2\/pages\/14","targetHints":{"allow":["GET"]}}],"collection":[{"href":"https:\/\/juliopereira.pt\/index.php?rest_route=\/wp\/v2\/pages"}],"about":[{"href":"https:\/\/juliopereira.pt\/index.php?rest_route=\/wp\/v2\/types\/page"}],"author":[{"embeddable":true,"href":"https:\/\/juliopereira.pt\/index.php?rest_route=\/wp\/v2\/users\/1"}],"replies":[{"embeddable":true,"href":"https:\/\/juliopereira.pt\/index.php?rest_route=%2Fwp%2Fv2%2Fcomments&post=14"}],"version-history":[{"count":53,"href":"https:\/\/juliopereira.pt\/index.php?rest_route=\/wp\/v2\/pages\/14\/revisions"}],"predecessor-version":[{"id":665,"href":"https:\/\/juliopereira.pt\/index.php?rest_route=\/wp\/v2\/pages\/14\/revisions\/665"}],"wp:attachment":[{"href":"https:\/\/juliopereira.pt\/index.php?rest_route=%2Fwp%2Fv2%2Fmedia&parent=14"}],"curies":[{"name":"wp","href":"https:\/\/api.w.org\/{rel}","templated":true}]}}